{"id":100,"date":"2021-05-07T19:46:45","date_gmt":"2021-05-07T19:46:45","guid":{"rendered":"http:\/\/127.0.0.1\/OMI%20HAITI\/?page_id=100"},"modified":"2023-02-21T18:46:47","modified_gmt":"2023-02-21T18:46:47","slug":"necrologium","status":"publish","type":"page","link":"https:\/\/omihaiti.org\/index.php\/necrologium\/","title":{"rendered":"NECROLOGIUM"},"content":{"rendered":"\n<p>\u00ab&nbsp;Nous garderons vivant le souvenir\nde nos d\u00e9funts et nous ne manquerons pas de prier pour eux, offrant fid\u00e8lement\nles suffrages prescrits \u00e0 leur intention [\u2026]&nbsp;\u00bb (<em>Constitution<\/em> 43).<\/p>\n\n\n\n<p><strong>2017 <\/strong><br><strong>10 juin&nbsp;<\/strong>: Le 10 juin \u00e0 6h10 PM, la P\u00e8re Fran\u00e7ois Thomas&nbsp;s\u2019est \u00e9teint au presbyt\u00e8re de la paroisse Saint Michel de Charpentier. Il \u00e9tait \u00e2g\u00e9 de soixante-six ans. Ses fun\u00e9railles ont eu lieu \u00e0 Mazenod, Camp-Perrin, le vendredi 16 juin 2017 \u00e0 10:00 AM. Une veill\u00e9e fun\u00e8bre&nbsp;: jeudi 15 juin, en l&#8217;\u00e9glise paroissiale de Saint Eug\u00e8ne de La Savane, de 5:00 \u00e0 7:00 PM. <\/p>\n\n\n\n<p> <strong>2018<\/strong>  <br><strong>10 avril<\/strong>&nbsp;: Le P\u00e8re Dieusait Charles est rappel\u00e9 \u00e0 la maison du P\u00e8re au Centre hospitalier de Rouyn-Noranda, \u00e0 l\u2019\u00e2ge de 48 ans. Veill\u00e9e de pri\u00e8re le 19 avril \u00e0 5h00 pm et fun\u00e9railles le 20 \u00e0 9h00 am en l\u2019\u00e9glise paroissiale de Saint Eug\u00e8ne des Cayes. Inhumation \u00e0 Mazenod, Camp-Perrin. <\/p>\n\n\n\n<p><br><strong>30 avril<\/strong>&nbsp;: Le P\u00e8re Maurice Gauthier, parti pour le ciel le \u00e0 la Maison provinciale \u00e0 l\u2019\u00e2ge de 79 ans. Veill\u00e9e de pri\u00e8re ce jeudi 10 mai \u00e0 Pax Villa, Port-au-Prince. Fun\u00e9railles et inhumation \u00e0 Mazenod, Camp-Perrin le 11 mai.  <\/p>\n\n\n\n<p><\/p>\n\n\n\n<p><strong>2020<\/strong> <br><strong>1<sup>er<\/sup> d\u00e9cembre<\/strong> : Le P\u00e8re Charles H\u00e9on rejoint le P\u00e8re C\u00e9leste \u00e0 l\u2019infirmerie Immaculate Heart of Mary \u00e0 Tewksbury, Boston, Mass. Ses fun\u00e9railles ont eu lieu aux USA.<\/p>\n\n\n\n<p><strong>10 d\u00e9cembre<\/strong>&nbsp;: Le P\u00e8re R\u00e9al Corriveau est parti\npour le Ciel \u00e0 l\u2019H\u00f4pital Gen\u00e9ral de Lowell, Mass., le 10 d\u00e9cembre 2022. Messe\npour le repos de son \u00e2me le 15 d\u00e9cembre \u00e0 Carice et \u00e0 Fond\u2019Oies ; puis le 19\nd\u00e9cembre en la Chapelle des S\u0153urs de Saint-Fran\u00e7ois d\u2019Assise \u00e0 Port-au-Prince (Avenue\nN).<\/p>\n\n\n\n<p><\/p>\n\n\n\n<p><strong>2022<\/strong> <br><strong>23 janvier<\/strong>&nbsp;: Le dimanche 23 janvier \u00e0 2h30 pm, le P\u00e8re Jean Pierre Price Dorismond a \u00e9t\u00e9 rappel\u00e9 \u00e0 la maison du P\u00e8re c\u00e9leste, \u00e0 l\u2019\u00e2ge de 91 ans, alors qu\u2019il \u00e9tait en retraite \u00e0 la communaut\u00e9 de Mazenod\/Silo\u00e9. Ses fun\u00e9railles ont \u00e9t\u00e9 chant\u00e9es le 29 janvier en l\u2019\u00e9glise paroissiale de Camp-Perrin, puis une messe de Requiem a eu lieu \u00e0 Port-au-Prince en la chapelle du Juv\u00e9nat des Fr\u00e8res de l\u2019Instruction chr\u00e9tienne o\u00f9 il avait exerc\u00e9 son dernier minist\u00e8re actif comme aum\u00f4nier. <\/p>\n\n\n\n<p><strong>19 avril<\/strong>&nbsp;: dans la soir\u00e9e du 19 avril 2022\n\u00e0 Richelieu, Qu\u00e9bec, le P\u00e8re G\u00e9rard Cloutier a quitt\u00e9 cette terre pour \u00eatre accueilli dans l\u2019amour\n\u00e9ternel de son Cr\u00e9ateur. Les c\u00e9r\u00e9monies fun\u00e9raires ont eu lieu au Canada.<\/p>\n\n\n\n<p><strong>23 octobre<\/strong>&nbsp;: Le dimanche 23 octobre\n2022, \u00e0 2h00 PM, le Fr\u00e8re Duly Charles, est parti pour la demeure c\u00e9leste. Une\nveill\u00e9e de pri\u00e8re a \u00e9t\u00e9 organis\u00e9e pour le repos de son \u00e2me le vendredi 4\nnovembre \u00e0 5h00 PM en la paroisse St Michel des Cayes. Ses fun\u00e9railles ont eu\nlieu le samedi 5 novembre \u00e0 10h00 AM en l\u2019\u00c9glise Sainte Anne de Camp-Perrin. <\/p>\n\n\n\n<p><a href=\"https:\/\/omihaiti.org\/index.php\/638-2\/\">T\u00e9moignages pour le Fr\u00e8re Duly Charles<\/a><\/p>\n\n\n\n<p><a href=\"https:\/\/omihaiti.org\/index.php\/641-2\/\">Extraits de l\u2019hom\u00e9lie du P. Jolicoeur Dominique aux fun\u00e9railles du Fr. Duly Charles<\/a><\/p>\n\n\n\n<p><a href=\"https:\/\/omihaiti.org\/index.php\/644-2\/\">M\u00e9ditation du P. Elie Pierre \u00e0 la veill\u00e9e de pri\u00e8re pour le Fr\u00e8re Duly Charles<\/a><\/p>\n\n\n\n<p><\/p>\n","protected":false},"excerpt":{"rendered":"<p>\u00ab&nbsp;Nous garderons vivant le souvenir de nos d\u00e9funts et nous ne manquerons pas de prier pour eux, offrant fid\u00e8lement les suffrages prescrits \u00e0 leur intention [\u2026]&nbsp;\u00bb (Constitution 43). 2017 10 juin&nbsp;: Le 10 juin \u00e0 6h10 PM, la P\u00e8re Fran\u00e7ois Thomas&nbsp;s\u2019est \u00e9teint au presbyt\u00e8re de la paroisse Saint Michel de Charpentier. Il \u00e9tait \u00e2g\u00e9 de [&hellip;]<\/p>\n","protected":false},"author":1,"featured_media":0,"parent":0,"menu_order":0,"comment_status":"closed","ping_status":"closed","template":"","meta":{"footnotes":""},"class_list":["post-100","page","type-page","status-publish","hentry"],"_links":{"self":[{"href":"https:\/\/omihaiti.org\/index.php\/wp-json\/wp\/v2\/pages\/100","targetHints":{"allow":["GET"]}}],"collection":[{"href":"https:\/\/omihaiti.org\/index.php\/wp-json\/wp\/v2\/pages"}],"about":[{"href":"https:\/\/omihaiti.org\/index.php\/wp-json\/wp\/v2\/types\/page"}],"author":[{"embeddable":true,"href":"https:\/\/omihaiti.org\/index.php\/wp-json\/wp\/v2\/users\/1"}],"replies":[{"embeddable":true,"href":"https:\/\/omihaiti.org\/index.php\/wp-json\/wp\/v2\/comments?post=100"}],"version-history":[{"count":6,"href":"https:\/\/omihaiti.org\/index.php\/wp-json\/wp\/v2\/pages\/100\/revisions"}],"predecessor-version":[{"id":652,"href":"https:\/\/omihaiti.org\/index.php\/wp-json\/wp\/v2\/pages\/100\/revisions\/652"}],"wp:attachment":[{"href":"https:\/\/omihaiti.org\/index.php\/wp-json\/wp\/v2\/media?parent=100"}],"curies":[{"name":"wp","href":"https:\/\/api.w.org\/{rel}","templated":true}]}}